{"id":26537,"date":"2026-02-05T13:20:09","date_gmt":"2026-02-05T11:20:09","guid":{"rendered":"https:\/\/2procente.info\/beneficiari\/azil-de-batrini-batrinete-fara-tristete-3\/"},"modified":"2026-02-05T13:20:09","modified_gmt":"2026-02-05T11:20:09","slug":"azil-de-batrini-batrinete-fara-tristete","status":"publish","type":"beneficiari","link":"https:\/\/2procente.info\/ru\/beneficiari\/azil-de-batrini-batrinete-fara-tristete\/","title":{"rendered":"Azil de B\u0103tr\u00eeni &#8220;B\u0102TR\u00ceNE\u0162E F\u0102R\u0102 TRISTE\u0162E&#8221;"},"content":{"rendered":"<div class=\"elementor-element elementor-element-9f1c589 vertical-border-remove-yes elementor-widget elementor-widget-bdt-table\" data-id=\"9f1c589\" data-element_type=\"widget\" data-widget_type=\"bdt-table.default\">\n<div class=\"elementor-widget-container\">\n<div id=\"bdt-table-9f1c589\" class=\"bdt-table bdt-overflow-auto bdt-stripe\">\n<table>\n<tbody>\n<tr>\n<td style=\"width: 35%;\">Cod fiscal<\/td>\n<td style=\"color: #d63f49;\">1011620003475<\/td>\n<\/tr>\n<tr>\n<td>Forma juridic\u0103 de organizare<\/td>\n<td style=\"color: #d63f49;\">Asocia\u021bie Ob\u0219teasc\u0103<\/td>\n<\/tr>\n<tr>\n<td>Domeniul principal de activitate<\/td>\n<td style=\"color: #d63f49;\">Protec\u021bie social\u0103<\/td>\n<\/tr>\n<tr>\n<td>Domeniul principal de activitate 1<\/td>\n<td style=\"color: #d63f49;\"><\/td>\n<\/tr>\n<tr>\n<td>Domeniul principal de activitate 2<\/td>\n<td style=\"color: #d63f49;\"><\/td>\n<\/tr>\n<tr>\n<td>Date de contact<\/td>\n<td style=\"color: #d63f49;\">https:\/\/www.facebook.com\/people\/Azil-de-Batrini-Batrinete-Fara-Tristete\/100069436355492\/ <\/td>\n<\/tr>\n<\/tbody>\n<\/table>\n<\/div>\n<\/div>\n<\/div>\n","protected":false},"excerpt":{"rendered":"<p>Cod fiscal 1011620003475 Forma juridic\u0103 de organizare Asocia\u021bie Ob\u0219teasc\u0103 Domeniul principal de activitate Protec\u021bie social\u0103 Domeniul principal de activitate 1 Domeniul principal de activitate 2 Date de contact https:\/\/www.facebook.com\/people\/Azil-de-Batrini-Batrinete-Fara-Tristete\/100069436355492\/<\/p>\n","protected":false},"author":3,"featured_media":0,"menu_order":0,"template":"","format":"standard","meta":{"_acf_changed":false,"cybocfi_hide_featured_image":"","footnotes":""},"categorie-beneficiari":[77],"class_list":["post-26537","beneficiari","type-beneficiari","status-publish","format-standard","hentry","categorie-beneficiari-protectie-sociala"],"acf":[],"_links":{"self":[{"href":"https:\/\/2procente.info\/ru\/wp-json\/wp\/v2\/beneficiari\/26537","targetHints":{"allow":["GET"]}}],"collection":[{"href":"https:\/\/2procente.info\/ru\/wp-json\/wp\/v2\/beneficiari"}],"about":[{"href":"https:\/\/2procente.info\/ru\/wp-json\/wp\/v2\/types\/beneficiari"}],"author":[{"embeddable":true,"href":"https:\/\/2procente.info\/ru\/wp-json\/wp\/v2\/users\/3"}],"version-history":[{"count":1,"href":"https:\/\/2procente.info\/ru\/wp-json\/wp\/v2\/beneficiari\/26537\/revisions"}],"predecessor-version":[{"id":28133,"href":"https:\/\/2procente.info\/ru\/wp-json\/wp\/v2\/beneficiari\/26537\/revisions\/28133"}],"wp:attachment":[{"href":"https:\/\/2procente.info\/ru\/wp-json\/wp\/v2\/media?parent=26537"}],"wp:term":[{"taxonomy":"categorie-beneficiari","embeddable":true,"href":"https:\/\/2procente.info\/ru\/wp-json\/wp\/v2\/categorie-beneficiari?post=26537"}],"curies":[{"name":"wp","href":"https:\/\/api.w.org\/{rel}","templated":true}]}}